{"id":52522,"date":"2025-03-20T13:09:11","date_gmt":"2025-03-20T12:09:11","guid":{"rendered":"https:\/\/africologne-festival.de\/project\/le-tremblement-du-monde-the-trembling-of-the-world\/"},"modified":"2025-05-14T16:08:32","modified_gmt":"2025-05-14T14:08:32","slug":"le-tremblement-du-monde-the-trembling-of-the-world","status":"publish","type":"project","link":"https:\/\/africologne-festival.de\/en\/project\/le-tremblement-du-monde-the-trembling-of-the-world\/","title":{"rendered":"LE TREMBLEMENT DU MONDE | THE TREMBLING OF THE WORLD"},"content":{"rendered":"\n<p><strong>&#8220;I change in exchange with the other without losing or falsifying myself.&#8221; <em>\u00c9douard Glissant<\/em><\/strong><\/p>\n\n<p><strong>\u00c9tienne Minoungou is on a quest. He seeks to understand the state of the world\u2014and to transform it. Fol-lowing in the footsteps of Aim\u00e9 C\u00e9saire and Sony Labou Tansi, the artist now turns to the vision of \u00c9douard Glissant, in collaboration with writer and philosopher Felwine Sarr.  <\/strong><\/p>\n\n<p><br\/>To counter the deep sense of insecurity provoked by the world\u2019s unpredictable upheavals, Glissant advocated for a worldview grounded in the acceptance of uncertainty. He called this creolisation\u2014a process of constant transformation in which one remains true to oneself while staying open to others. Long before Europe was overwhelmed by today\u2019s migration debates, Glissant warned: \u201cThe stages of empire are not hospitable\u2026 Borders meant to keep immigrants out are the worst.\u201d In his 2009 work <em>Philosophy of World Relations<\/em>, published shortly before his death, he introduced the \u201cprinciple of relational identity\u201d\u2014a radical alternative to the rigid notion of identity rooted in a single origin.  <br\/><br\/>Minoungou chose to engage in a dialog and encounter with the audience in order to revisit the works and utopian ideas of \u00c9douard Glissant in light of current world events. Through his direct way of playing and supported by the musical interventions, we are individually addressed and &#8216;meant&#8217;. Between musical oratorio and political stand-up, &#8216;moving thoughts&#8217; are constructed that we cannot escape and that have a long-lasting effect.  <\/p>\n\n<p><strong>\u00c9douard Glissant<\/strong> (*1928 in B\u00e9zaudin, Martinique; \u2020 2011 in Paris) was a French writer and philosopher. The author of the French-speaking Caribbean was one of the intellectual pioneers of post-colonial theories of identity and culture. <br\/><br\/><em>Le tremblement du monde<\/em> is the new theater work by \u00c9tienne Minoungou, one of the defining personalities of Burkinabe theater.<\/p>\n\n<p><br\/><strong>CONCEPT, DIRECTION, SCENOGRAPHY &amp; PERFORMANCE <\/strong>Etienne Minoungou | <strong>LIVE MUSIC<\/strong> Katrine Suwalski and Simon Wins\u00e9 | <strong>OUTSIDE EYE <\/strong>Aristide Tarnagda | <strong>ASSISTANCE<\/strong> L\u00e9a Marie | <strong>DRAMATURGICAL<\/strong> <strong>ADAPTION<\/strong> Etienne Minoungou, Aristide Tarnagda, Felwine Sarr | <strong>MUSICAL<\/strong> <strong>DESIGN<\/strong> Simon Wins\u00e9 | <strong>LIGHT DESIGN<\/strong> Nicolas Oubraham | <strong>DIRECTOR<\/strong> R\u00e9my Brans | <strong>TRANSLATION<\/strong> Beate Thill | <strong>PRODUCTION<\/strong> Compagnie Falinga, Ventdebout Asbl | <strong>CO-PRODUCTION<\/strong> Th\u00e9\u00e2tre de Li\u00e8ge, Th\u00e9\u00e2tre Le Public, Th\u00e9\u00e2tre de Namur | <strong>SUPPORT<\/strong> Institut Fran\u00e7ais (Paris) and CITF<\/p>\n\n<p><\/p>\n<ol class=\"wp-block-footnotes\"><li id=\"e92c43ed-acf9-4560-a5c1-d0df11d1505c\">A figure of thought that dances around its subject, creates views in all directions and does not march rigidly towards it and try to pin it down one-dimensionally. <a href=\"#e92c43ed-acf9-4560-a5c1-d0df11d1505c-link\" aria-label=\"Jump to footnote reference 1\">\u21a9\ufe0e<\/a><\/li><\/ol>","protected":false},"excerpt":{"rendered":"<p>&#8220;I change in exchange with the other without losing or falsifying myself.&#8221; \u00c9douard Glissant \u00c9tienne Minoungou is on a quest. He seeks to understand the state of the world\u2014and to transform it. Fol-lowing in the footsteps of Aim\u00e9 C\u00e9saire and Sony Labou Tansi, the artist now turns to the vision of \u00c9douard Glissant, in collaboration [&hellip;]<\/p>\n","protected":false},"author":11,"featured_media":52623,"comment_status":"closed","ping_status":"closed","template":"","meta":{"_acf_changed":false,"_et_pb_use_builder":"","_et_pb_old_content":"","_et_gb_content_width":"","footnotes":"[{\"id\":\"e92c43ed-acf9-4560-a5c1-d0df11d1505c\",\"content\":\"A figure of thought that dances around its subject, creates views in all directions and does not march rigidly towards it and try to pin it down one-dimensionally.\"}]"},"project_category":[143,141,107],"project_tag":[],"class_list":["post-52522","project","type-project","status-publish","has-post-thumbnail","hentry","project_category-17-06-en","project_category-18-06-en","project_category-2025-en"],"acf":[],"_links":{"self":[{"href":"https:\/\/africologne-festival.de\/en\/wp-json\/wp\/v2\/project\/52522","targetHints":{"allow":["GET"]}}],"collection":[{"href":"https:\/\/africologne-festival.de\/en\/wp-json\/wp\/v2\/project"}],"about":[{"href":"https:\/\/africologne-festival.de\/en\/wp-json\/wp\/v2\/types\/project"}],"author":[{"embeddable":true,"href":"https:\/\/africologne-festival.de\/en\/wp-json\/wp\/v2\/users\/11"}],"replies":[{"embeddable":true,"href":"https:\/\/africologne-festival.de\/en\/wp-json\/wp\/v2\/comments?post=52522"}],"version-history":[{"count":3,"href":"https:\/\/africologne-festival.de\/en\/wp-json\/wp\/v2\/project\/52522\/revisions"}],"predecessor-version":[{"id":53309,"href":"https:\/\/africologne-festival.de\/en\/wp-json\/wp\/v2\/project\/52522\/revisions\/53309"}],"wp:featuredmedia":[{"embeddable":true,"href":"https:\/\/africologne-festival.de\/en\/wp-json\/wp\/v2\/media\/52623"}],"wp:attachment":[{"href":"https:\/\/africologne-festival.de\/en\/wp-json\/wp\/v2\/media?parent=52522"}],"wp:term":[{"taxonomy":"project_category","embeddable":true,"href":"https:\/\/africologne-festival.de\/en\/wp-json\/wp\/v2\/project_category?post=52522"},{"taxonomy":"project_tag","embeddable":true,"href":"https:\/\/africologne-festival.de\/en\/wp-json\/wp\/v2\/project_tag?post=52522"}],"curies":[{"name":"wp","href":"https:\/\/api.w.org\/{rel}","templated":true}]}}