{"id":49593,"date":"2023-06-04T07:45:46","date_gmt":"2023-06-04T05:45:46","guid":{"rendered":"https:\/\/test.africologne-festival.de\/project\/baamum-nafi-le-pere-de-nafi\/"},"modified":"2025-02-20T15:04:48","modified_gmt":"2025-02-20T14:04:48","slug":"baamum-nafi-le-pere-de-nafi","status":"publish","type":"project","link":"https:\/\/africologne-festival.de\/fr\/project\/baamum-nafi-le-pere-de-nafi\/","title":{"rendered":"Baamum Nafi (le p\u00e8re de Nafi)"},"content":{"rendered":"\n<p><strong>NAFI&rsquo;S FATHER <\/strong>est projet\u00e9 en <strong>coop\u00e9ration <\/strong>avec le <strong>Afrika Film Festival K\u00f6ln<\/strong>.<\/p>\n\n<p>Dans le village s\u00e9n\u00e9galais de Yonti, l&rsquo;iman Tierno maintient la coh\u00e9sion de sa communaut\u00e9 en s&rsquo;occupant de la coh\u00e9sion spirituelle. Mais la paix du village menace de s&rsquo;effondrer lorsque sa fille se fiance au fils de son fr\u00e8re \u00e9loign\u00e9, Ousmane.  Tierno se m\u00e9fie d&rsquo;Ousmane en raison de ses liens avec un cheikh extr\u00e9miste et de sa soif de pouvoir. Ainsi, les fian\u00e7ailles d\u00e9veloppent une lutte entre les deux fr\u00e8res, les villageois pacifiques et le mouvement fondamentaliste. Tierno tente de garder sa famille et le village unis gr\u00e2ce \u00e0 sa direction spirituelle, afin de prot\u00e9ger tout le monde d&rsquo;un bouleversement religieux. Mais les r\u00e8gles du cheikh s&rsquo;imposent rapidement et les villageois doivent craindre la violence et le contr\u00f4le. Le premier film du r\u00e9alisateur Mamadou Dia, qui a re\u00e7u de nombreux prix, joue sur les facteurs de pouvoir qui se cachent derri\u00e8re les structures de la famille, de la religion et de la soci\u00e9t\u00e9.<\/p>\n","protected":false},"excerpt":{"rendered":"<p>Dans le village s\u00e9n\u00e9galais de Yonti, l&rsquo;iman Tierno maintient la coh\u00e9sion de sa communaut\u00e9 en s&rsquo;occupant de la coh\u00e9sion spirituelle. Mais la paix du village menace de s&rsquo;effondrer lorsque sa fille se fiance au fils de son fr\u00e8re \u00e9loign\u00e9, Ousmane. <\/p>\n","protected":false},"author":9,"featured_media":49097,"comment_status":"closed","ping_status":"closed","template":"","meta":{"_acf_changed":false,"_et_pb_use_builder":"","_et_pb_old_content":"","_et_gb_content_width":"","footnotes":""},"project_category":[85],"project_tag":[],"class_list":["post-49593","project","type-project","status-publish","has-post-thumbnail","hentry","project_category-2023-fr"],"acf":[],"_links":{"self":[{"href":"https:\/\/africologne-festival.de\/fr\/wp-json\/wp\/v2\/project\/49593","targetHints":{"allow":["GET"]}}],"collection":[{"href":"https:\/\/africologne-festival.de\/fr\/wp-json\/wp\/v2\/project"}],"about":[{"href":"https:\/\/africologne-festival.de\/fr\/wp-json\/wp\/v2\/types\/project"}],"author":[{"embeddable":true,"href":"https:\/\/africologne-festival.de\/fr\/wp-json\/wp\/v2\/users\/9"}],"replies":[{"embeddable":true,"href":"https:\/\/africologne-festival.de\/fr\/wp-json\/wp\/v2\/comments?post=49593"}],"version-history":[{"count":2,"href":"https:\/\/africologne-festival.de\/fr\/wp-json\/wp\/v2\/project\/49593\/revisions"}],"predecessor-version":[{"id":51143,"href":"https:\/\/africologne-festival.de\/fr\/wp-json\/wp\/v2\/project\/49593\/revisions\/51143"}],"wp:featuredmedia":[{"embeddable":true,"href":"https:\/\/africologne-festival.de\/fr\/wp-json\/wp\/v2\/media\/49097"}],"wp:attachment":[{"href":"https:\/\/africologne-festival.de\/fr\/wp-json\/wp\/v2\/media?parent=49593"}],"wp:term":[{"taxonomy":"project_category","embeddable":true,"href":"https:\/\/africologne-festival.de\/fr\/wp-json\/wp\/v2\/project_category?post=49593"},{"taxonomy":"project_tag","embeddable":true,"href":"https:\/\/africologne-festival.de\/fr\/wp-json\/wp\/v2\/project_tag?post=49593"}],"curies":[{"name":"wp","href":"https:\/\/api.w.org\/{rel}","templated":true}]}}